{"version":"1.0","provider_name":"Baba S\u00e9f","provider_url":"https:\/\/babasef.cafeblog.hu","author_name":"Te\u00f3 S\u00e9fje","author_url":"https:\/\/babasef.cafeblog.hu\/author\/teo_sefje\/","title":"Megint fagyi","html":"Az alapot, ami lopott \u00f6tleten alapul, m\u00e1r meg\u00edrtam, <a href=\"https:\/\/babasef.cafeblog.hu\/2014\/06\/10\/hazi-fagyi-gep-nelkul\/\">ITT<\/a> elolvashatod. Az\u00f3ta vari\u00e1lom \u00e9s most egy olyan verzi\u00f3t siker\u00fclt megalkotni, amit \u00e9rdemes k\u00f6zz\u00e9tenni.\r\n\r\nAj\u00e1nlom els\u0151sorban M\u00e1t\u00e9 G\u00e1bornak, mert fagyi \u00e9s rumaroma :)\r\n\r\nA h\u00e1zilag, g\u00e9p n\u00e9lk\u00fcl gy\u00e1rtott fagyival egy baj van, hogy azonnal meg kell enni, nem t\u00e1rolhat\u00f3, ez\u00e9rt \u00e9rdemes kisebb mennyis\u00e9geket csin\u00e1lni. P\u00e9ld\u00e1ul 10 szem szilv\u00e1b\u00f3l 3 f\u0151nek.\r\n\r\n[caption id=\"attachment_456\" align=\"alignright\" width=\"600\"]<a href=\"https:\/\/babasef.cafeblog.hu\/files\/2014\/07\/IMG_20140720_112234.jpg\"><img class=\"wp-image-456 size-large\" src=\"https:\/\/babasef.cafeblog.hu\/files\/2014\/07\/IMG_20140720_112234-600x450.jpg\" alt=\"IMG_20140720_112234\" width=\"600\" height=\"450\" \/><\/a> tejsz\u00ednhabbal csinosan[\/caption]\r\n\r\nRUMOS SZILVAFAGYI, GYEREKEKNEK IS\r\n\r\n(8 h\u00f3napos kort\u00f3l)\r\n\r\nHozz\u00e1val\u00f3k:\r\n\r\n10 vagy 12 szem magozott, fagyasztott szilva\r\n\r\n2 dl habtejsz\u00edn\r\n\r\n1 ek cukor\r\n\r\nrumaroma (vagy ha feln\u0151tteknek k\u00e9sz\u00fcl, akkor rum)\r\n\r\nfah\u00e9j (ezt m\u00e1sodszor nem tettem bele \u00e9s \u00edgy nekem jobban \u00edzlett, de lehet pr\u00f3b\u00e1lgatni)\r\n\r\n&nbsp;\r\n\r\nA fagyott szilv\u00e1kat a t\u00f6bbi hozz\u00e1val\u00f3val leturmixoljuk. \u00c9rdemes a tejsz\u00ednt lassan adagolni, hogy a megfelel\u0151 \u00e1llagn\u00e1l meg\u00e1llhassunk. Nekem most el\u00e9g volt m\u00e1sf\u00e9l deci, hogy fagyiszer\u0171 legyen. Olyan igazi kem\u00e9ny fagylalt nem lesz, de nagyon gy\u00fcm\u00f6lcs\u00f6s \u00e9s kr\u00e9mes, ami kij\u00f6n a turmixb\u00f3l. Lehet t\u00f6bb cukorral, de \u00e9n szeretem, ha \u00e9rv\u00e9nyes\u00fcl a gy\u00fcm\u00f6lcs \u00edze.\r\n\r\nEbben a melegben meg\u00e9ri a f\u00e1radoz\u00e1st, f\u0151leg, hogy nincs vele sok mel\u00f3.\r\n\r\n&nbsp;","type":"rich","thumbnail_url":"https:\/\/babasef.cafeblog.hu\/files\/2014\/07\/IMG_20140720_112234-150x150.jpg","thumbnail_width":150,"thumbnail_height":150}